{"id":212,"date":"2018-09-19T19:29:30","date_gmt":"2018-09-19T16:29:30","guid":{"rendered":"http:\/\/www.termonen.eu\/?page_id=212"},"modified":"2026-03-05T10:44:52","modified_gmt":"2026-03-05T08:44:52","slug":"termonen-suku","status":"publish","type":"page","link":"https:\/\/www.termonen.eu\/?page_id=212","title":{"rendered":"Termonen-suku"},"content":{"rendered":"<p>Pentti Termonen teki suururakan sukuamme selvitt\u00e4ess\u00e4\u00e4n.<br \/>\n<a href=\"https:\/\/www.termonen.eu\/wp-content\/uploads\/2021\/09\/Termonen-sukupuu.pdf\">Termonen-sukupuu<\/a><\/p>\n<p><a href=\"https:\/\/www.termonen.eu\/wp-content\/uploads\/2018\/09\/Tuure-Termonen.pdf\">Tuure Termonen<\/a><\/p>\n<p><a href=\"https:\/\/www.termonen.eu\/wp-content\/uploads\/2020\/04\/Seija-Sepp\u00e4l\u00e4.pdf\">Seija Sepp\u00e4l\u00e4<\/a><\/p>\n<p><a href=\"https:\/\/www.termonen.eu\/wp-content\/uploads\/2023\/10\/Teuvo-Termonen.pdf\">Teuvo Termonen<\/a><\/p>\n<p><a href=\"https:\/\/www.termonen.eu\/wp-content\/uploads\/2020\/01\/Hugo-Termonen.pdf\">Hugo Termonen <\/a><br \/>\n<a href=\"https:\/\/www.termonen.eu\/wp-content\/uploads\/2024\/12\/Hugo-Termonen-syntymapaivat-1936-1954.pdf\">Syntym\u00e4p\u00e4iv\u00e4t 1936-1954<\/a><br \/>\n<a href=\"https:\/\/www.termonen.eu\/wp-content\/uploads\/2020\/12\/Rautanapa-Termonen.pdf\">Rautanapa Nastolassa<\/a><br \/>\n<a href=\"https:\/\/www.termonen.eu\/wp-content\/uploads\/2021\/12\/Nastalan-Rintamamiesveteraanit.pdf\">Nastolan Rintamamiesveteraanit ry<\/a><br \/>\n<a href=\"https:\/\/www.termonen.eu\/wp-content\/uploads\/2026\/03\/Hugo-Termonen-25.12.1943.pdf\">Kirje 25.12.1943<\/a><\/p>\n<p><a href=\"https:\/\/www.termonen.eu\/wp-content\/uploads\/2018\/09\/Eero-Termonen.pdf\">Eero Termonen<\/a><\/p>\n<p><a href=\"https:\/\/www.termonen.eu\/wp-content\/uploads\/2019\/09\/Uljas-Kiuru-Karvala-ja-Rasala.pdf\">Kiuru, Uljas: Karvala ja Rasala<\/a><\/p>\n<p>Pentti Termosen muistelmia:<br \/>\n<a href=\"http:\/\/karvalakivennapa.blogspot.com\/\">Juha Termosen Kivennapa-blogi<\/a><br \/>\n<a href=\"https:\/\/www.termonen.eu\/wp-content\/uploads\/2020\/12\/Penti-Termonen-Karjala-1995.pdf\">Taas kutsuu Karjala 1995<\/a><br \/>\n<a href=\"https:\/\/www.termonen.eu\/wp-content\/uploads\/2021\/09\/Sukututkimus-Pentti-Termonen.pdf\">Sukututkimus \/ Pentti Termonen<\/a><\/p>\n<p>Puuttuvia tietoja t\u00e4ydennet\u00e4\u00e4n jatkossa. Ole hyv\u00e4 ja ilmoita mahdollisista virheist\u00e4.<\/p>\n","protected":false},"excerpt":{"rendered":"<p>Pentti Termonen teki suururakan sukuamme selvitt\u00e4ess\u00e4\u00e4n. Termonen-sukupuu Tuure Termonen Seija Sepp\u00e4l\u00e4 Teuvo Termonen Hugo Termonen Syntym\u00e4p\u00e4iv\u00e4t 1936-1954 Rautanapa Nastolassa Nastolan Rintamamiesveteraanit ry Kirje 25.12.1943 Eero Termonen Kiuru, Uljas: Karvala ja Rasala Pentti Termosen muistelmia: Juha Termosen Kivennapa-blogi Taas kutsuu Karjala &hellip; <a href=\"https:\/\/www.termonen.eu\/?page_id=212\">Lue loppuun <span class=\"meta-nav\">&rarr;<\/span><\/a><\/p>\n","protected":false},"author":1,"featured_media":0,"parent":0,"menu_order":0,"comment_status":"closed","ping_status":"closed","template":"","meta":{"footnotes":""},"categories":[],"tags":[],"class_list":["post-212","page","type-page","status-publish","hentry"],"_links":{"self":[{"href":"https:\/\/www.termonen.eu\/index.php?rest_route=\/wp\/v2\/pages\/212","targetHints":{"allow":["GET"]}}],"collection":[{"href":"https:\/\/www.termonen.eu\/index.php?rest_route=\/wp\/v2\/pages"}],"about":[{"href":"https:\/\/www.termonen.eu\/index.php?rest_route=\/wp\/v2\/types\/page"}],"author":[{"embeddable":true,"href":"https:\/\/www.termonen.eu\/index.php?rest_route=\/wp\/v2\/users\/1"}],"replies":[{"embeddable":true,"href":"https:\/\/www.termonen.eu\/index.php?rest_route=%2Fwp%2Fv2%2Fcomments&post=212"}],"version-history":[{"count":52,"href":"https:\/\/www.termonen.eu\/index.php?rest_route=\/wp\/v2\/pages\/212\/revisions"}],"predecessor-version":[{"id":2899,"href":"https:\/\/www.termonen.eu\/index.php?rest_route=\/wp\/v2\/pages\/212\/revisions\/2899"}],"wp:attachment":[{"href":"https:\/\/www.termonen.eu\/index.php?rest_route=%2Fwp%2Fv2%2Fmedia&parent=212"}],"wp:term":[{"taxonomy":"category","embeddable":true,"href":"https:\/\/www.termonen.eu\/index.php?rest_route=%2Fwp%2Fv2%2Fcategories&post=212"},{"taxonomy":"post_tag","embeddable":true,"href":"https:\/\/www.termonen.eu\/index.php?rest_route=%2Fwp%2Fv2%2Ftags&post=212"}],"curies":[{"name":"wp","href":"https:\/\/api.w.org\/{rel}","templated":true}]}}